{"id":23419362,"date":"2023-05-17T13:07:11","date_gmt":"2023-05-17T11:07:11","guid":{"rendered":"https:\/\/www.wievent.it\/histoire-de-cas\/"},"modified":"2025-03-19T16:16:55","modified_gmt":"2025-03-19T15:16:55","slug":"histoire-de-cas","status":"publish","type":"page","link":"https:\/\/www.wievent.it\/fr\/histoire-de-cas\/","title":{"rendered":"Histoire de cas"},"content":{"rendered":"<p>[et_pb_section fb_built=\u00a0\u00bb1&Prime; _builder_version=\u00a0\u00bb4.21.0&Prime; _module_preset=\u00a0\u00bbdefault\u00a0\u00bb use_background_color_gradient=\u00a0\u00bbon\u00a0\u00bb background_color_gradient_stops=\u00a0\u00bbrgba(0,0,0,0.88) 0vmin|rgba(229,50,45,0.67) 100vmin\u00a0\u00bb background_color_gradient_unit=\u00a0\u00bbvmin\u00a0\u00bb background_color_gradient_overlays_image=\u00a0\u00bbon\u00a0\u00bb background_image=\u00a0\u00bbhttps:\/\/www.wievent.it\/wp-content\/uploads\/2023\/05\/DSF3939-scaled.jpg\u00a0\u00bb parallax=\u00a0\u00bbon\u00a0\u00bb parallax_method=\u00a0\u00bboff\u00a0\u00bb da_disable_devices=\u00a0\u00bboff|off|off\u00a0\u00bb global_colors_info=\u00a0\u00bb{}\u00a0\u00bb da_is_popup=\u00a0\u00bboff\u00a0\u00bb da_exit_intent=\u00a0\u00bboff\u00a0\u00bb da_has_close=\u00a0\u00bbon\u00a0\u00bb da_alt_close=\u00a0\u00bboff\u00a0\u00bb da_dark_close=\u00a0\u00bboff\u00a0\u00bb da_not_modal=\u00a0\u00bbon\u00a0\u00bb da_is_singular=\u00a0\u00bboff\u00a0\u00bb da_with_loader=\u00a0\u00bboff\u00a0\u00bb da_has_shadow=\u00a0\u00bbon\u00a0\u00bb][et_pb_row make_equal=\u00a0\u00bbon\u00a0\u00bb _builder_version=\u00a0\u00bb4.21.0&Prime; _module_preset=\u00a0\u00bbdefault\u00a0\u00bb custom_padding=\u00a0\u00bb7%||7%||true|false\u00a0\u00bb global_colors_info=\u00a0\u00bb{}\u00a0\u00bb][et_pb_column type=\u00a0\u00bb4_4&Prime; _builder_version=\u00a0\u00bb4.18.0&Prime; _module_preset=\u00a0\u00bbdefault\u00a0\u00bb global_colors_info=\u00a0\u00bb{}\u00a0\u00bb][et_pb_text _builder_version=\u00a0\u00bb4.21.0&Prime; _module_preset=\u00a0\u00bbdefault\u00a0\u00bb header_text_color=\u00a0\u00bb#FFFFFF\u00a0\u00bb header_font_size=\u00a0\u00bb50px\u00a0\u00bb header_line_height=\u00a0\u00bb1.4em\u00a0\u00bb header_2_text_color=\u00a0\u00bb#FFFFFF\u00a0\u00bb header_2_font_size=\u00a0\u00bb30px\u00a0\u00bb header_2_line_height=\u00a0\u00bb1.4em\u00a0\u00bb header_2_font_size_tablet=\u00a0\u00bb30px\u00a0\u00bb header_2_font_size_phone=\u00a0\u00bb25px\u00a0\u00bb header_2_font_size_last_edited=\u00a0\u00bbon|phone\u00a0\u00bb global_colors_info=\u00a0\u00bb{}\u00a0\u00bb]<\/p>\n<h1 style=\"text-align: center;\"><strong>\u00c9tudes de cas<\/strong><\/h1>\n<h2 style=\"text-align: center;\"><span>Comment nos formats interactifs ont aid\u00e9 plusieurs entreprises \u00e0 cr\u00e9er des <strong>\u00e9v\u00e9nements m\u00e9morables, engageants et percutants<\/strong>.<\/span><\/h2>\n<p>[\/et_pb_text][\/et_pb_column][\/et_pb_row][\/et_pb_section][et_pb_section fb_built=\u00a0\u00bb1&Prime; _builder_version=\u00a0\u00bb4.21.0&Prime; _module_preset=\u00a0\u00bbdefault\u00a0\u00bb custom_margin=\u00a0\u00bb||0px||false|false\u00a0\u00bb custom_padding=\u00a0\u00bb||0px||false|false\u00a0\u00bb da_disable_devices=\u00a0\u00bboff|off|off\u00a0\u00bb global_colors_info=\u00a0\u00bb{}\u00a0\u00bb da_is_popup=\u00a0\u00bboff\u00a0\u00bb da_exit_intent=\u00a0\u00bboff\u00a0\u00bb da_has_close=\u00a0\u00bbon\u00a0\u00bb da_alt_close=\u00a0\u00bboff\u00a0\u00bb da_dark_close=\u00a0\u00bboff\u00a0\u00bb da_not_modal=\u00a0\u00bbon\u00a0\u00bb da_is_singular=\u00a0\u00bboff\u00a0\u00bb da_with_loader=\u00a0\u00bboff\u00a0\u00bb da_has_shadow=\u00a0\u00bbon\u00a0\u00bb][et_pb_row _builder_version=\u00a0\u00bb4.21.0&Prime; _module_preset=\u00a0\u00bbdefault\u00a0\u00bb locked=\u00a0\u00bboff\u00a0\u00bb global_colors_info=\u00a0\u00bb{}\u00a0\u00bb][et_pb_column type=\u00a0\u00bb4_4&Prime; _builder_version=\u00a0\u00bb4.21.0&Prime; _module_preset=\u00a0\u00bbdefault\u00a0\u00bb global_colors_info=\u00a0\u00bb{}\u00a0\u00bb][et_pb_text _builder_version=\u00a0\u00bb4.21.0&Prime; _module_preset=\u00a0\u00bbdefault\u00a0\u00bb header_3_text_color=\u00a0\u00bb#000000&Prime; header_3_line_height=\u00a0\u00bb1.6em\u00a0\u00bb global_colors_info=\u00a0\u00bb{}\u00a0\u00bb]<\/p>\n<h3 style=\"text-align: center;\"><span>Vous trouverez ci-dessous une s\u00e9lection des projets les plus importants et des exp\u00e9riences r\u00e9ussies que nous avons r\u00e9alis\u00e9s pour nos clients.<\/span><\/h3>\n<p>[\/et_pb_text][\/et_pb_column][\/et_pb_row][et_pb_row column_structure=\u00a0\u00bb1_2,1_2&Prime; make_equal=\u00a0\u00bbon\u00a0\u00bb _builder_version=\u00a0\u00bb4.21.0&Prime; _module_preset=\u00a0\u00bbdefault\u00a0\u00bb custom_css_main_element=\u00a0\u00bbalign-items: center;\u00a0\u00bb global_colors_info=\u00a0\u00bb{}\u00a0\u00bb][et_pb_column type=\u00a0\u00bb1_2&Prime; _builder_version=\u00a0\u00bb4.21.0&Prime; _module_preset=\u00a0\u00bbdefault\u00a0\u00bb global_colors_info=\u00a0\u00bb{}\u00a0\u00bb][et_pb_image src=\u00a0\u00bbhttps:\/\/www.wievent.it\/wp-content\/uploads\/2023\/05\/2016-03-16-23.25.40.jpg\u00a0\u00bb title_text=\u00a0\u00bb2016-03-16 23.25.40&Prime; _builder_version=\u00a0\u00bb4.21.0&Prime; _module_preset=\u00a0\u00bbdefault\u00a0\u00bb box_shadow_style=\u00a0\u00bbpreset2&Prime; box_shadow_horizontal=\u00a0\u00bb-1px\u00a0\u00bb global_colors_info=\u00a0\u00bb{}\u00a0\u00bb][\/et_pb_image][\/et_pb_column][et_pb_column type=\u00a0\u00bb1_2&Prime; _builder_version=\u00a0\u00bb4.21.0&Prime; _module_preset=\u00a0\u00bbdefault\u00a0\u00bb global_colors_info=\u00a0\u00bb{}\u00a0\u00bb][et_pb_image src=\u00a0\u00bbhttps:\/\/www.wievent.it\/wp-content\/uploads\/2023\/05\/Samsung_Logo.svg.webp\u00a0\u00bb title_text=\u00a0\u00bbSamsung_Logo.svg\u00a0\u00bb align=\u00a0\u00bbcenter\u00a0\u00bb _builder_version=\u00a0\u00bb4.21.0&Prime; _module_preset=\u00a0\u00bbdefault\u00a0\u00bb width=\u00a0\u00bb50%\u00a0\u00bb global_colors_info=\u00a0\u00bb{}\u00a0\u00bb][\/et_pb_image][et_pb_text _builder_version=\u00a0\u00bb4.21.0&Prime; _module_preset=\u00a0\u00bbdefault\u00a0\u00bb text_text_color=\u00a0\u00bb#000000&Prime; text_font_size=\u00a0\u00bb21px\u00a0\u00bb text_line_height=\u00a0\u00bb1.6em\u00a0\u00bb header_3_text_color=\u00a0\u00bb#000000&Prime; header_3_line_height=\u00a0\u00bb1.6em\u00a0\u00bb global_colors_info=\u00a0\u00bb{}\u00a0\u00bb]<\/p>\n<p style=\"text-align: center;\"><span><b>Samsung<\/b><\/span><span> utilise notre syst\u00e8me depuis plusieurs ann\u00e9es pour mesurer le niveau de pr\u00e9paration de ses vendeurs, pour animer et am\u00e9liorer la notori\u00e9t\u00e9 de la marque lors d&rsquo;\u00e9v\u00e9nements d\u00e9di\u00e9s aux entreprises d&rsquo;\u00e9lectronique qui utilisent ses produits.<\/span><\/p>\n<p>[\/et_pb_text][et_pb_button button_url=\u00a0\u00bb#samsung\u00a0\u00bb button_text=\u00a0\u00bbVOIR L&apos;\u00c9TUDE DE CAS\u00a0\u00bb button_alignment=\u00a0\u00bbcenter\u00a0\u00bb disabled_on=\u00a0\u00bbon|on|on\u00a0\u00bb _builder_version=\u00a0\u00bb4.21.0&Prime; _module_preset=\u00a0\u00bbdefault\u00a0\u00bb disabled=\u00a0\u00bbon\u00a0\u00bb global_colors_info=\u00a0\u00bb{}\u00a0\u00bb][\/et_pb_button][\/et_pb_column][\/et_pb_row][et_pb_row _builder_version=\u00a0\u00bb4.21.0&Prime; _module_preset=\u00a0\u00bbdefault\u00a0\u00bb global_colors_info=\u00a0\u00bb{}\u00a0\u00bb][et_pb_column type=\u00a0\u00bb4_4&Prime; _builder_version=\u00a0\u00bb4.21.0&Prime; _module_preset=\u00a0\u00bbdefault\u00a0\u00bb global_colors_info=\u00a0\u00bb{}\u00a0\u00bb][et_pb_divider color=\u00a0\u00bb#E02B20&Prime; divider_position=\u00a0\u00bbcenter\u00a0\u00bb _builder_version=\u00a0\u00bb4.21.0&Prime; _module_preset=\u00a0\u00bbdefault\u00a0\u00bb global_colors_info=\u00a0\u00bb{}\u00a0\u00bb][\/et_pb_divider][\/et_pb_column][\/et_pb_row][et_pb_row column_structure=\u00a0\u00bb1_2,1_2&Prime; make_equal=\u00a0\u00bbon\u00a0\u00bb _builder_version=\u00a0\u00bb4.21.0&Prime; _module_preset=\u00a0\u00bbdefault\u00a0\u00bb custom_css_main_element=\u00a0\u00bbalign-items: center;\u00a0\u00bb global_colors_info=\u00a0\u00bb{}\u00a0\u00bb][et_pb_column type=\u00a0\u00bb1_2&Prime; _builder_version=\u00a0\u00bb4.21.0&Prime; _module_preset=\u00a0\u00bbdefault\u00a0\u00bb global_colors_info=\u00a0\u00bb{}\u00a0\u00bb][et_pb_image src=\u00a0\u00bbhttps:\/\/www.wievent.it\/wp-content\/uploads\/2023\/05\/1200px-Algida_logo-1-.svg.png\u00a0\u00bb title_text=\u00a0\u00bb1200px-Algida_logo-1-.svg\u00a0\u00bb align=\u00a0\u00bbcenter\u00a0\u00bb _builder_version=\u00a0\u00bb4.21.0&Prime; _module_preset=\u00a0\u00bbdefault\u00a0\u00bb width=\u00a0\u00bb30%\u00a0\u00bb global_colors_info=\u00a0\u00bb{}\u00a0\u00bb][\/et_pb_image][et_pb_text _builder_version=\u00a0\u00bb4.21.0&Prime; _module_preset=\u00a0\u00bbdefault\u00a0\u00bb text_text_color=\u00a0\u00bb#000000&Prime; text_font_size=\u00a0\u00bb21px\u00a0\u00bb text_line_height=\u00a0\u00bb1.6em\u00a0\u00bb header_3_text_color=\u00a0\u00bb#000000&Prime; header_3_line_height=\u00a0\u00bb1.6em\u00a0\u00bb global_colors_info=\u00a0\u00bb{}\u00a0\u00bb]<\/p>\n<p style=\"text-align: center;\"><strong>Algida<\/strong> choisit notre syst\u00e8me lors de la r\u00e9union annuelle de ses agents commerciaux.<\/p>\n<p>[\/et_pb_text][et_pb_button button_url=\u00a0\u00bb#algida\u00a0\u00bb button_text=\u00a0\u00bbVOIR L&apos;\u00c9TUDE DE CAS\u00a0\u00bb button_alignment=\u00a0\u00bbcenter\u00a0\u00bb disabled_on=\u00a0\u00bbon|on|on\u00a0\u00bb _builder_version=\u00a0\u00bb4.21.0&Prime; _module_preset=\u00a0\u00bbdefault\u00a0\u00bb global_colors_info=\u00a0\u00bb{}\u00a0\u00bb][\/et_pb_button][\/et_pb_column][et_pb_column type=\u00a0\u00bb1_2&Prime; _builder_version=\u00a0\u00bb4.21.0&Prime; _module_preset=\u00a0\u00bbdefault\u00a0\u00bb global_colors_info=\u00a0\u00bb{}\u00a0\u00bb][et_pb_image src=\u00a0\u00bbhttps:\/\/www.wievent.it\/wp-content\/uploads\/2023\/05\/IMG-20160312-WA0047.jpg\u00a0\u00bb title_text=\u00a0\u00bbIMG-20160312-WA0047&Prime; _builder_version=\u00a0\u00bb4.21.0&Prime; _module_preset=\u00a0\u00bbdefault\u00a0\u00bb box_shadow_style=\u00a0\u00bbpreset2&Prime; box_shadow_horizontal=\u00a0\u00bb-1px\u00a0\u00bb global_colors_info=\u00a0\u00bb{}\u00a0\u00bb][\/et_pb_image][\/et_pb_column][\/et_pb_row][et_pb_row _builder_version=\u00a0\u00bb4.21.0&Prime; _module_preset=\u00a0\u00bbdefault\u00a0\u00bb global_colors_info=\u00a0\u00bb{}\u00a0\u00bb][et_pb_column type=\u00a0\u00bb4_4&Prime; _builder_version=\u00a0\u00bb4.21.0&Prime; _module_preset=\u00a0\u00bbdefault\u00a0\u00bb global_colors_info=\u00a0\u00bb{}\u00a0\u00bb][et_pb_divider color=\u00a0\u00bb#E02B20&Prime; divider_position=\u00a0\u00bbcenter\u00a0\u00bb _builder_version=\u00a0\u00bb4.21.0&Prime; _module_preset=\u00a0\u00bbdefault\u00a0\u00bb global_colors_info=\u00a0\u00bb{}\u00a0\u00bb][\/et_pb_divider][\/et_pb_column][\/et_pb_row][et_pb_row column_structure=\u00a0\u00bb1_2,1_2&Prime; make_equal=\u00a0\u00bbon\u00a0\u00bb _builder_version=\u00a0\u00bb4.21.0&Prime; _module_preset=\u00a0\u00bbdefault\u00a0\u00bb custom_css_main_element=\u00a0\u00bbalign-items: center;\u00a0\u00bb global_colors_info=\u00a0\u00bb{}\u00a0\u00bb][et_pb_column type=\u00a0\u00bb1_2&Prime; _builder_version=\u00a0\u00bb4.21.0&Prime; _module_preset=\u00a0\u00bbdefault\u00a0\u00bb global_colors_info=\u00a0\u00bb{}\u00a0\u00bb][et_pb_image src=\u00a0\u00bbhttps:\/\/www.wievent.it\/wp-content\/uploads\/2023\/06\/total-evento-wievent-2.jpg\u00a0\u00bb title_text=\u00a0\u00bbtotal event wievent 2&Prime; _builder_version=\u00a0\u00bb4.21.0&Prime; _module_preset=\u00a0\u00bbdefault\u00a0\u00bb box_shadow_style=\u00a0\u00bbpreset2&Prime; box_shadow_horizontal=\u00a0\u00bb-1px\u00a0\u00bb global_colors_info=\u00a0\u00bb{}\u00a0\u00bb][\/et_pb_image][\/et_pb_column][et_pb_column type=\u00a0\u00bb1_2&Prime; _builder_version=\u00a0\u00bb4.21.0&Prime; _module_preset=\u00a0\u00bbdefault\u00a0\u00bb global_colors_info=\u00a0\u00bb{}\u00a0\u00bb][et_pb_image src=\u00a0\u00bbhttps:\/\/www.wievent.it\/wp-content\/uploads\/2023\/06\/logo-total.jpg\u00a0\u00bb title_text=\u00a0\u00bblogo total\u00a0\u00bb align=\u00a0\u00bbcenter\u00a0\u00bb _builder_version=\u00a0\u00bb4.21.0&Prime; _module_preset=\u00a0\u00bbdefault\u00a0\u00bb width=\u00a0\u00bb50%\u00a0\u00bb global_colors_info=\u00a0\u00bb{}\u00a0\u00bb][\/et_pb_image][et_pb_text _builder_version=\u00a0\u00bb4.21.0&Prime; _module_preset=\u00a0\u00bbdefault\u00a0\u00bb text_text_color=\u00a0\u00bb#000000&Prime; text_font_size=\u00a0\u00bb21px\u00a0\u00bb text_line_height=\u00a0\u00bb1.6em\u00a0\u00bb header_3_text_color=\u00a0\u00bb#000000&Prime; header_3_line_height=\u00a0\u00bb1.6em\u00a0\u00bb global_colors_info=\u00a0\u00bb{}\u00a0\u00bb]<\/p>\n<p style=\"text-align: center;\"><span><strong>Total<\/strong> a adopt\u00e9 la m\u00e9thodologie du COACHING D&rsquo;EQUIPE combin\u00e9e \u00e0 l&rsquo;utilisation de notre syst\u00e8me interactif, qui comprend des questions \u00e0 choix multiples et des questions \u00e0 main lev\u00e9e. Cette approche a \u00e9t\u00e9 choisie afin d&rsquo;am\u00e9liorer et de d\u00e9velopper les comp\u00e9tences et les connaissances de l&rsquo;\u00e9quipe, de renforcer la dynamique de groupe et de d\u00e9finir les outils n\u00e9cessaires pour atteindre l&rsquo;objectif fix\u00e9. En outre, elle visait \u00e0 am\u00e9liorer les comp\u00e9tences en mati\u00e8re de communication et \u00e0 obtenir une vision claire de la mani\u00e8re d&rsquo;atteindre l&rsquo;objectif commun.  <\/span><\/p>\n<p>[\/et_pb_text][et_pb_button button_url=\u00a0\u00bb#samsung\u00a0\u00bb button_text=\u00a0\u00bbVOIR L&apos;\u00c9TUDE DE CAS\u00a0\u00bb button_alignment=\u00a0\u00bbcenter\u00a0\u00bb disabled_on=\u00a0\u00bbon|on|on\u00a0\u00bb _builder_version=\u00a0\u00bb4.21.0&Prime; _module_preset=\u00a0\u00bbdefault\u00a0\u00bb disabled=\u00a0\u00bbon\u00a0\u00bb global_colors_info=\u00a0\u00bb{}\u00a0\u00bb][\/et_pb_button][\/et_pb_column][\/et_pb_row][et_pb_row column_structure=\u00a0\u00bb1_2,1_2&Prime; make_equal=\u00a0\u00bbon\u00a0\u00bb _builder_version=\u00a0\u00bb4.21.0&Prime; _module_preset=\u00a0\u00bbdefault\u00a0\u00bb custom_css_main_element=\u00a0\u00bbalign-items: center;\u00a0\u00bb global_colors_info=\u00a0\u00bb{}\u00a0\u00bb][et_pb_column type=\u00a0\u00bb1_2&Prime; _builder_version=\u00a0\u00bb4.21.0&Prime; _module_preset=\u00a0\u00bbdefault\u00a0\u00bb global_colors_info=\u00a0\u00bb{}\u00a0\u00bb][et_pb_image src=\u00a0\u00bbhttps:\/\/www.wievent.it\/wp-content\/uploads\/2023\/06\/Immagine1.jpg\u00a0\u00bb title_text=\u00a0\u00bbImage1&Prime; _builder_version=\u00a0\u00bb4.21.0&Prime; _module_preset=\u00a0\u00bbdefault\u00a0\u00bb hover_enabled=\u00a0\u00bb0&Prime; box_shadow_style=\u00a0\u00bbpreset2&Prime; box_shadow_horizontal=\u00a0\u00bb-1px\u00a0\u00bb global_colors_info=\u00a0\u00bb{}\u00a0\u00bb sticky_enabled=\u00a0\u00bb0&Prime;][\/et_pb_image][\/et_pb_column][et_pb_column type=\u00a0\u00bb1_2&Prime; _builder_version=\u00a0\u00bb4.21.0&Prime; _module_preset=\u00a0\u00bbdefault\u00a0\u00bb global_colors_info=\u00a0\u00bb{}\u00a0\u00bb][et_pb_text _builder_version=\u00a0\u00bb4.21.0&Prime; _module_preset=\u00a0\u00bbdefault\u00a0\u00bb text_text_color=\u00a0\u00bb#000000&Prime; text_font_size=\u00a0\u00bb21px\u00a0\u00bb text_line_height=\u00a0\u00bb1.6em\u00a0\u00bb header_3_text_color=\u00a0\u00bb#000000&Prime; header_3_line_height=\u00a0\u00bb1.6em\u00a0\u00bb hover_enabled=\u00a0\u00bb0&Prime; global_colors_info=\u00a0\u00bb{}\u00a0\u00bb sticky_enabled=\u00a0\u00bb0&Prime;]<\/p>\n<p style=\"text-align: center;\"><span><strong>Total<\/strong> a utilis\u00e9 notre syst\u00e8me interactif lors de l&rsquo;\u00e9v\u00e9nement \u00ab\u00a0LA CULTURE DE LA S\u00c9CURIT\u00c9\u00a0\u00bb organis\u00e9 \u00e0 l&rsquo;occasion de la Journ\u00e9e mondiale de la s\u00e9curit\u00e9 dans le but de d\u00e9velopper<\/span>un processus d&rsquo;\u00e9ducation et de sensibilisation \u00e0 la s\u00e9curit\u00e9, de permettre l&rsquo;acquisition de connaissances et de comp\u00e9tences utiles \u00e0 la compr\u00e9hension et \u00e0 l&rsquo;application des principes fondamentaux sur lesquels repose la nouvelle loi de consolidation, de sensibiliser \u00e0 la subjectivit\u00e9 du risque et d&rsquo;identifier des exemples concrets de comportements s\u00fbrs, tant au niveau individuel qu&rsquo;au niveau de l&rsquo;organisation.  <\/p>\n<p>[\/et_pb_text][et_pb_button button_url=\u00a0\u00bb#samsung\u00a0\u00bb button_text=\u00a0\u00bbVOIR L&apos;\u00c9TUDE DE CAS\u00a0\u00bb button_alignment=\u00a0\u00bbcenter\u00a0\u00bb disabled_on=\u00a0\u00bbon|on|on\u00a0\u00bb _builder_version=\u00a0\u00bb4.21.0&Prime; _module_preset=\u00a0\u00bbdefault\u00a0\u00bb disabled=\u00a0\u00bbon\u00a0\u00bb global_colors_info=\u00a0\u00bb{}\u00a0\u00bb][\/et_pb_button][\/et_pb_column][\/et_pb_row][et_pb_row _builder_version=\u00a0\u00bb4.21.0&Prime; _module_preset=\u00a0\u00bbdefault\u00a0\u00bb global_colors_info=\u00a0\u00bb{}\u00a0\u00bb][et_pb_column type=\u00a0\u00bb4_4&Prime; _builder_version=\u00a0\u00bb4.21.0&Prime; _module_preset=\u00a0\u00bbdefault\u00a0\u00bb global_colors_info=\u00a0\u00bb{}\u00a0\u00bb][et_pb_divider color=\u00a0\u00bb#E02B20&Prime; divider_position=\u00a0\u00bbcenter\u00a0\u00bb _builder_version=\u00a0\u00bb4.21.0&Prime; _module_preset=\u00a0\u00bbdefault\u00a0\u00bb global_colors_info=\u00a0\u00bb{}\u00a0\u00bb][\/et_pb_divider][\/et_pb_column][\/et_pb_row][et_pb_row column_structure=\u00a0\u00bb1_2,1_2&Prime; make_equal=\u00a0\u00bbon\u00a0\u00bb _builder_version=\u00a0\u00bb4.21.0&Prime; _module_preset=\u00a0\u00bbdefault\u00a0\u00bb custom_css_main_element=\u00a0\u00bbalign-items: center;\u00a0\u00bb global_colors_info=\u00a0\u00bb{}\u00a0\u00bb][et_pb_column type=\u00a0\u00bb1_2&Prime; _builder_version=\u00a0\u00bb4.21.0&Prime; _module_preset=\u00a0\u00bbdefault\u00a0\u00bb global_colors_info=\u00a0\u00bb{}\u00a0\u00bb][et_pb_image src=\u00a0\u00bbhttps:\/\/www.wievent.it\/wp-content\/uploads\/2023\/06\/biogen-logo.png\u00a0\u00bb title_text=\u00a0\u00bblogo de biogen\u00a0\u00bb align=\u00a0\u00bbcenter\u00a0\u00bb _builder_version=\u00a0\u00bb4.21.0&Prime; _module_preset=\u00a0\u00bbdefault\u00a0\u00bb width=\u00a0\u00bb30%\u00a0\u00bb global_colors_info=\u00a0\u00bb{}\u00a0\u00bb][\/et_pb_image][et_pb_text _builder_version=\u00a0\u00bb4.21.0&Prime; _module_preset=\u00a0\u00bbdefault\u00a0\u00bb text_text_color=\u00a0\u00bb#000000&Prime; text_font_size=\u00a0\u00bb21px\u00a0\u00bb text_line_height=\u00a0\u00bb1.6em\u00a0\u00bb header_3_text_color=\u00a0\u00bb#000000&Prime; header_3_line_height=\u00a0\u00bb1.6em\u00a0\u00bb global_colors_info=\u00a0\u00bb{}\u00a0\u00bb]<\/p>\n<p style=\"text-align: center;\"><span>Pour c\u00e9l\u00e9brer les 45 ans de <strong>Biogen<\/strong>, nous avons organis\u00e9 un jeu de questions-r\u00e9ponses \u00e0 l&rsquo;aide de notre syst\u00e8me interactif<\/span><span> qui repr\u00e9sente un voyage symbolique le long de la \u00ab\u00a0Route 45\u00a0\u00bb de Biogen au fil des ans.<\/span><\/p>\n<p style=\"text-align: center;\"><span>Le d\u00e9fi s&rsquo;adresse \u00e0 des individus comp\u00e9titifs et couvrira les ann\u00e9es 1980, 1990 et 2000, avec jusqu&rsquo;\u00e0 160 participants utilisant des claviers sans fil et l&rsquo;acc\u00e8s au clavier virtuel.<\/span><\/p>\n<p>[\/et_pb_text][et_pb_button button_url=\u00a0\u00bb#algida\u00a0\u00bb button_text=\u00a0\u00bbVOIR L&apos;\u00c9TUDE DE CAS\u00a0\u00bb button_alignment=\u00a0\u00bbcenter\u00a0\u00bb disabled_on=\u00a0\u00bbon|on|on\u00a0\u00bb _builder_version=\u00a0\u00bb4.21.0&Prime; _module_preset=\u00a0\u00bbdefault\u00a0\u00bb global_colors_info=\u00a0\u00bb{}\u00a0\u00bb][\/et_pb_button][\/et_pb_column][et_pb_column type=\u00a0\u00bb1_2&Prime; _builder_version=\u00a0\u00bb4.21.0&Prime; _module_preset=\u00a0\u00bbdefault\u00a0\u00bb global_colors_info=\u00a0\u00bb{}\u00a0\u00bb][et_pb_image src=\u00a0\u00bbhttps:\/\/www.wievent.it\/wp-content\/uploads\/2023\/06\/biogen-evento-wievent.jpg\u00a0\u00bb title_text=\u00a0\u00bbbiogen \u00e9v\u00e9nement wievent\u00a0\u00bb force_fullwidth=\u00a0\u00bbon\u00a0\u00bb _builder_version=\u00a0\u00bb4.21.0&Prime; _module_preset=\u00a0\u00bbdefault\u00a0\u00bb box_shadow_style=\u00a0\u00bbpreset2&Prime; box_shadow_horizontal=\u00a0\u00bb-1px\u00a0\u00bb global_colors_info=\u00a0\u00bb{}\u00a0\u00bb][\/et_pb_image][\/et_pb_column][\/et_pb_row][et_pb_row _builder_version=\u00a0\u00bb4.21.0&Prime; _module_preset=\u00a0\u00bbdefault\u00a0\u00bb global_colors_info=\u00a0\u00bb{}\u00a0\u00bb][et_pb_column type=\u00a0\u00bb4_4&Prime; _builder_version=\u00a0\u00bb4.21.0&Prime; _module_preset=\u00a0\u00bbdefault\u00a0\u00bb global_colors_info=\u00a0\u00bb{}\u00a0\u00bb][et_pb_divider color=\u00a0\u00bb#E02B20&Prime; divider_position=\u00a0\u00bbcenter\u00a0\u00bb _builder_version=\u00a0\u00bb4.21.0&Prime; _module_preset=\u00a0\u00bbdefault\u00a0\u00bb global_colors_info=\u00a0\u00bb{}\u00a0\u00bb][\/et_pb_divider][\/et_pb_column][\/et_pb_row][et_pb_row column_structure=\u00a0\u00bb1_2,1_2&Prime; make_equal=\u00a0\u00bbon\u00a0\u00bb _builder_version=\u00a0\u00bb4.21.0&Prime; _module_preset=\u00a0\u00bbdefault\u00a0\u00bb custom_css_main_element=\u00a0\u00bbalign-items: center;\u00a0\u00bb global_colors_info=\u00a0\u00bb{}\u00a0\u00bb][et_pb_column type=\u00a0\u00bb1_2&Prime; _builder_version=\u00a0\u00bb4.21.0&Prime; _module_preset=\u00a0\u00bbdefault\u00a0\u00bb global_colors_info=\u00a0\u00bb{}\u00a0\u00bb][et_pb_image src=\u00a0\u00bbhttps:\/\/www.wievent.it\/wp-content\/uploads\/2023\/05\/4.jpg\u00a0\u00bb title_text=\u00a0\u00bb4&Prime; _builder_version=\u00a0\u00bb4.21.0&Prime; _module_preset=\u00a0\u00bbdefault\u00a0\u00bb box_shadow_style=\u00a0\u00bbpreset2&Prime; box_shadow_horizontal=\u00a0\u00bb-1px\u00a0\u00bb global_colors_info=\u00a0\u00bb{}\u00a0\u00bb][\/et_pb_image][\/et_pb_column][et_pb_column type=\u00a0\u00bb1_2&Prime; _builder_version=\u00a0\u00bb4.21.0&Prime; _module_preset=\u00a0\u00bbdefault\u00a0\u00bb global_colors_info=\u00a0\u00bb{}\u00a0\u00bb][et_pb_image src=\u00a0\u00bbhttps:\/\/www.wievent.it\/wp-content\/uploads\/2023\/05\/avis-noleggio-auto.jpg\u00a0\u00bb title_text=\u00a0\u00bbavis-car-hire\u00a0\u00bb align=\u00a0\u00bbcenter\u00a0\u00bb _builder_version=\u00a0\u00bb4.21.0&Prime; _module_preset=\u00a0\u00bbdefault\u00a0\u00bb width=\u00a0\u00bb50%\u00a0\u00bb global_colors_info=\u00a0\u00bb{}\u00a0\u00bb][\/et_pb_image][et_pb_text _builder_version=\u00a0\u00bb4.21.0&Prime; _module_preset=\u00a0\u00bbdefault\u00a0\u00bb text_text_color=\u00a0\u00bb#000000&Prime; text_font_size=\u00a0\u00bb21px\u00a0\u00bb text_line_height=\u00a0\u00bb1.6em\u00a0\u00bb header_3_text_color=\u00a0\u00bb#000000&Prime; header_3_line_height=\u00a0\u00bb1.6em\u00a0\u00bb global_colors_info=\u00a0\u00bb{}\u00a0\u00bb]<\/p>\n<p style=\"text-align: center;\"><strong>Avis Autonoleggio Italia<\/strong> a choisi notre technologie lors de son \u00e9v\u00e9nement \u00e0 l&rsquo;Expo Milano pour proposer un test et une enqu\u00eate \u00e0 ses clients.<\/p>\n<p style=\"text-align: center;\">La pr\u00e9sentation de l&rsquo;\u00e9v\u00e9nement a \u00e9t\u00e9 faite par notre t\u00e9moin Fabrizio Fontana.<\/p>\n<p>[\/et_pb_text][et_pb_button button_url=\u00a0\u00bb#avis\u00a0\u00bb button_text=\u00a0\u00bbVOIR L&apos;\u00c9TUDE DE CAS\u00a0\u00bb button_alignment=\u00a0\u00bbcenter\u00a0\u00bb disabled_on=\u00a0\u00bbon|on|on\u00a0\u00bb _builder_version=\u00a0\u00bb4.21.0&Prime; _module_preset=\u00a0\u00bbdefault\u00a0\u00bb global_colors_info=\u00a0\u00bb{}\u00a0\u00bb][\/et_pb_button][\/et_pb_column][\/et_pb_row][et_pb_row _builder_version=\u00a0\u00bb4.21.0&Prime; _module_preset=\u00a0\u00bbdefault\u00a0\u00bb locked=\u00a0\u00bboff\u00a0\u00bb global_colors_info=\u00a0\u00bb{}\u00a0\u00bb][et_pb_column type=\u00a0\u00bb4_4&Prime; _builder_version=\u00a0\u00bb4.21.0&Prime; _module_preset=\u00a0\u00bbdefault\u00a0\u00bb global_colors_info=\u00a0\u00bb{}\u00a0\u00bb][et_pb_divider color=\u00a0\u00bb#E02B20&Prime; divider_position=\u00a0\u00bbcenter\u00a0\u00bb _builder_version=\u00a0\u00bb4.21.0&Prime; _module_preset=\u00a0\u00bbdefault\u00a0\u00bb global_colors_info=\u00a0\u00bb{}\u00a0\u00bb][\/et_pb_divider][\/et_pb_column][\/et_pb_row][et_pb_row column_structure=\u00a0\u00bb1_2,1_2&Prime; make_equal=\u00a0\u00bbon\u00a0\u00bb _builder_version=\u00a0\u00bb4.21.0&Prime; _module_preset=\u00a0\u00bbdefault\u00a0\u00bb custom_css_main_element=\u00a0\u00bbalign-items: center;\u00a0\u00bb global_colors_info=\u00a0\u00bb{}\u00a0\u00bb][et_pb_column type=\u00a0\u00bb1_2&Prime; _builder_version=\u00a0\u00bb4.21.0&Prime; _module_preset=\u00a0\u00bbdefault\u00a0\u00bb global_colors_info=\u00a0\u00bb{}\u00a0\u00bb][et_pb_image src=\u00a0\u00bbhttps:\/\/www.wievent.it\/wp-content\/uploads\/2020\/03\/bayer-logo-e1585042422655.jpg\u00a0\u00bb title_text=\u00a0\u00bbbayer-logo\u00a0\u00bb align=\u00a0\u00bbcenter\u00a0\u00bb _builder_version=\u00a0\u00bb4.21.0&Prime; _module_preset=\u00a0\u00bbdefault\u00a0\u00bb global_colors_info=\u00a0\u00bb{}\u00a0\u00bb][\/et_pb_image][et_pb_text _builder_version=\u00a0\u00bb4.21.0&Prime; _module_preset=\u00a0\u00bbdefault\u00a0\u00bb text_text_color=\u00a0\u00bb#000000&Prime; text_font_size=\u00a0\u00bb21px\u00a0\u00bb text_line_height=\u00a0\u00bb1.6em\u00a0\u00bb header_3_text_color=\u00a0\u00bb#000000&Prime; header_3_line_height=\u00a0\u00bb1.6em\u00a0\u00bb global_colors_info=\u00a0\u00bb{}\u00a0\u00bb]<\/p>\n<p style=\"text-align: center;\"><strong>Bayer<\/strong>, avec sa marque Bepantenol, organise, dans le cadre du projet Moms in the Spotlight 2.0, un \u00e9v\u00e9nement pour les m\u00e8res inscrites sur le portail d\u00e9di\u00e9<br \/>www.4mums.it en leur posant une s\u00e9rie de questions pour savoir ce qu&rsquo;elles savent sur la sant\u00e9 de la peau de leurs enfants.<\/p>\n<p style=\"text-align: center;\">Objectif ? Interagir avec sa communaut\u00e9, fournir des informations utiles et mesurer la perception de la marque gr\u00e2ce \u00e0 la technologie Wievent. <\/p>\n<p>[\/et_pb_text][et_pb_button button_url=\u00a0\u00bb#memorypuzzles\u00a0\u00bb button_text=\u00a0\u00bbVOIR L&apos;\u00c9TUDE DE CAS\u00a0\u00bb button_alignment=\u00a0\u00bbcenter\u00a0\u00bb disabled_on=\u00a0\u00bbon|on|on\u00a0\u00bb _builder_version=\u00a0\u00bb4.21.0&Prime; _module_preset=\u00a0\u00bbdefault\u00a0\u00bb global_colors_info=\u00a0\u00bb{}\u00a0\u00bb][\/et_pb_button][\/et_pb_column][et_pb_column type=\u00a0\u00bb1_2&Prime; _builder_version=\u00a0\u00bb4.21.0&Prime; _module_preset=\u00a0\u00bbdefault\u00a0\u00bb global_colors_info=\u00a0\u00bb{}\u00a0\u00bb][et_pb_image src=\u00a0\u00bbhttps:\/\/www.wievent.it\/wp-content\/uploads\/2023\/05\/8.jpg\u00a0\u00bb title_text=\u00a0\u00bb8&Prime; _builder_version=\u00a0\u00bb4.21.0&Prime; _module_preset=\u00a0\u00bbdefault\u00a0\u00bb box_shadow_style=\u00a0\u00bbpreset2&Prime; box_shadow_horizontal=\u00a0\u00bb-1px\u00a0\u00bb global_colors_info=\u00a0\u00bb{}\u00a0\u00bb][\/et_pb_image][\/et_pb_column][\/et_pb_row][et_pb_row _builder_version=\u00a0\u00bb4.21.0&Prime; _module_preset=\u00a0\u00bbdefault\u00a0\u00bb locked=\u00a0\u00bboff\u00a0\u00bb global_colors_info=\u00a0\u00bb{}\u00a0\u00bb][et_pb_column type=\u00a0\u00bb4_4&Prime; _builder_version=\u00a0\u00bb4.21.0&Prime; _module_preset=\u00a0\u00bbdefault\u00a0\u00bb global_colors_info=\u00a0\u00bb{}\u00a0\u00bb][et_pb_divider color=\u00a0\u00bb#E02B20&Prime; divider_position=\u00a0\u00bbcenter\u00a0\u00bb _builder_version=\u00a0\u00bb4.21.0&Prime; _module_preset=\u00a0\u00bbdefault\u00a0\u00bb global_colors_info=\u00a0\u00bb{}\u00a0\u00bb][\/et_pb_divider][\/et_pb_column][\/et_pb_row][et_pb_row column_structure=\u00a0\u00bb1_2,1_2&Prime; _builder_version=\u00a0\u00bb4.16&Prime; locked=\u00a0\u00bboff\u00a0\u00bb global_colors_info=\u00a0\u00bb{}\u00a0\u00bb][et_pb_column type=\u00a0\u00bb1_2&Prime; _builder_version=\u00a0\u00bb4.16&Prime; custom_padding=\u00a0\u00bb|||\u00a0\u00bb global_colors_info=\u00a0\u00bb{}\u00a0\u00bb custom_padding__hover=\u00a0\u00bb|||\u00a0\u00bb][et_pb_text _builder_version=\u00a0\u00bb4.21.0&Prime; text_text_color=\u00a0\u00bb#000000&Prime; text_font_size=\u00a0\u00bb21px\u00a0\u00bb text_line_height=\u00a0\u00bb1.6em\u00a0\u00bb header_3_text_color=\u00a0\u00bb#000000&Prime; header_3_line_height=\u00a0\u00bb1.6em\u00a0\u00bb global_colors_info=\u00a0\u00bb{}\u00a0\u00bb]<\/p>\n<p><span style=\"color: #e02b20;\"><b>Les meilleures universit\u00e9s italiennes<\/b><\/span><span style=\"font-weight: 400;\">  innover dans les activit\u00e9s d&rsquo;orientation avec le concours \u00e9ducatif HiGH SCHOOL GAME dont ils sont les partenaires scientifiques. Plus de 150 000 \u00e9tudiants inscrits chaque ann\u00e9e, dont 15 000 participent aux journ\u00e9es portes ouvertes. <\/span><\/p>\n<p><span style=\"font-weight: 400;\"> <\/span><\/p>\n<p><span style=\"color: #e02b20;\"><b>Unieuro<\/b><\/span><span style=\"font-weight: 400;\"> choisit notre syst\u00e8me pour am\u00e9liorer l&rsquo;engagement et la notori\u00e9t\u00e9 de la marque lors de plusieurs r\u00e9unions annuelles avec les propri\u00e9taires et les employ\u00e9s de ses 500 magasins.<\/span><\/p>\n<p>&nbsp;<\/p>\n<p><span style=\"color: #e02b20;\"><b><span style=\"color: #e02b20;\">Pr\u00e9sidence du Conseil des ministres et minist\u00e8re du Travail et de la Politique sociale<\/span> <\/b><\/span><span style=\"font-weight: 400;\">r\u00e9aliser avec notre syst\u00e8me diverses initiatives lors de salons et d&rsquo;\u00e9v\u00e9nements d&rsquo;orientation afin de promouvoir le Service Civil Universel aupr\u00e8s des lyc\u00e9ens.<\/span><\/p>\n<p>&nbsp;<\/p>\n<p><span style=\"color: #e02b20;\"><b>Sara Assicurazioni, Amissima et Anas<\/b><\/span><span style=\"font-weight: 400;\"> ont organis\u00e9 plusieurs concours th\u00e9matiques sur la s\u00e9curit\u00e9 routi\u00e8re \u00e0 l&rsquo;intention des jeunes.<\/span><\/p>\n<p>&nbsp;<\/p>\n<p><span style=\"color: #e02b20;\"><b><span style=\"color: #e02b20;\">Bulgari<\/span> <\/b><\/span><span style=\"font-weight: 400;\">a utilis\u00e9 le vote \u00e9lectronique pour impliquer les participants aux r\u00e9unions annuelles et conna\u00eetre leur opinion sur certaines questions relatives \u00e0 l&rsquo;entreprise.<\/span><\/p>\n<p><span style=\"font-weight: 400;\"><\/span><\/p>\n<p><span style=\"font-weight: 400;\"><span style=\"color: #e02b20;\"><b>Meetic<\/b><\/span> a organis\u00e9 plusieurs soir\u00e9es avec des jeux interactifs pour divertir et stimuler les membres du club.<\/span><\/p>\n<p>[\/et_pb_text][\/et_pb_column][et_pb_column type=\u00a0\u00bb1_2&Prime; _builder_version=\u00a0\u00bb4.16&Prime; custom_padding=\u00a0\u00bb|||\u00a0\u00bb global_colors_info=\u00a0\u00bb{}\u00a0\u00bb custom_padding__hover=\u00a0\u00bb|||\u00a0\u00bb][et_pb_text _builder_version=\u00a0\u00bb4.21.0&Prime; text_text_color=\u00a0\u00bb#000000&Prime; text_font_size=\u00a0\u00bb21px\u00a0\u00bb text_line_height=\u00a0\u00bb1.6em\u00a0\u00bb header_3_text_color=\u00a0\u00bb#000000&Prime; header_3_line_height=\u00a0\u00bb1.6em\u00a0\u00bb global_colors_info=\u00a0\u00bb{}\u00a0\u00bb]<\/p>\n<p><span style=\"color: #e02b20;\"><b>Enel Green Power<\/b><\/span><span style=\"font-weight: 400;\"> a utilis\u00e9 le jeu de questions-r\u00e9ponses en \u00e9quipe pour mobiliser ses vendeurs pendant les conventions.<\/span><\/p>\n<p>&nbsp;<\/p>\n<p><span style=\"color: #e02b20;\"><b>Air France et KLM<\/b><\/span><span style=\"font-weight: 400;\"> ont utilis\u00e9 le syst\u00e8me de vote \u00e9lectronique pour impliquer et r\u00e9compenser leurs \u00e9quipes internationales lors des conventions.<\/span><\/p>\n<p><span style=\"font-weight: 400;\"> <\/span><\/p>\n<p><span style=\"color: #e02b20;\"><b><span style=\"color: #e02b20;\">Ethos Parfumeries<\/span> <\/b><\/span><span style=\"font-weight: 400;\">a utilis\u00e9 des quiz adress\u00e9s aux propri\u00e9taires du consortium lors de la convention d&rsquo;entreprise.<\/span><\/p>\n<p><span style=\"font-weight: 400;\"> <\/span><\/p>\n<p><span style=\"color: #e02b20;\"><b>Hilti<\/b><\/span><span style=\"font-weight: 400;\"> a utilis\u00e9 le jeu-concours pendant le d\u00eener d&rsquo;entreprise pour des activit\u00e9s de sensibilisation \u00e0 la marque.<\/span><\/p>\n<p><span style=\"font-weight: 400;\"> <\/span><\/p>\n<p><span style=\"color: #e02b20;\"><b><span style=\"color: #e02b20;\">Kawasaki<\/span> <\/b><\/span><span style=\"font-weight: 400;\">lors de ses r\u00e9unions de concessionnaires, a utilis\u00e9 l&rsquo;enqu\u00eate interactive pour obtenir des informations utiles pour ses strat\u00e9gies futures et, lors des d\u00eeners d&rsquo;entreprise, le jeu-questionnaire ludo-\u00e9ducatif.<\/span><\/p>\n<p><span style=\"font-weight: 400;\"> <\/span><\/p>\n<p><span style=\"color: #e02b20;\"><b><span style=\"color: #e02b20;\">Extra Bank<\/span> <\/b><\/span><span style=\"font-weight: 400;\">a choisi l&rsquo;un de nos jeux-concours lors du d\u00eener d&rsquo;entreprise des jeunes employ\u00e9s de banque, o\u00f9 certaines questions relatives \u00e0 l&rsquo;entreprise et \u00e0 ses produits ont \u00e9t\u00e9 incluses dans le contexte du jeu.<\/span><\/p>\n<p><span style=\"font-weight: 400;\"> <\/span><\/p>\n<p><span style=\"color: #e02b20;\"><b>Banco BPM <\/b><\/span><span style=\"font-weight: 400;\">a utilis\u00e9 nos syst\u00e8mes pour un quiz attrayant qui s&rsquo;est d\u00e9roul\u00e9 en plein air sur une magnifique place enneig\u00e9e.<\/span><\/p>\n<p>&nbsp;<\/p>\n<p>[\/et_pb_text][\/et_pb_column][\/et_pb_row][et_pb_row _builder_version=\u00a0\u00bb4.21.0&Prime; _module_preset=\u00a0\u00bbdefault\u00a0\u00bb width_tablet=\u00a0\u00bb\u00a0\u00bb width_phone=\u00a0\u00bb100%\u00a0\u00bb width_last_edited=\u00a0\u00bbon|phone\u00a0\u00bb max_width_tablet=\u00a0\u00bb\u00a0\u00bb max_width_phone=\u00a0\u00bb100%\u00a0\u00bb max_width_last_edited=\u00a0\u00bbon|phone\u00a0\u00bb custom_margin=\u00a0\u00bb||0px||false|false\u00a0\u00bb custom_padding=\u00a0\u00bb||0px||false|false\u00a0\u00bb global_colors_info=\u00a0\u00bb{}\u00a0\u00bb][et_pb_column type=\u00a0\u00bb4_4&Prime; _builder_version=\u00a0\u00bb4.21.0&Prime; _module_preset=\u00a0\u00bbdefault\u00a0\u00bb global_colors_info=\u00a0\u00bb{}\u00a0\u00bb][et_pb_image src=\u00a0\u00bbhttps:\/\/www.wievent.it\/wp-content\/uploads\/2020\/03\/download.jpg\u00a0\u00bb title_text=\u00a0\u00bbt\u00e9l\u00e9charger\u00a0\u00bb align=\u00a0\u00bbcenter\u00a0\u00bb force_fullwidth=\u00a0\u00bbon\u00a0\u00bb _builder_version=\u00a0\u00bb4.21.0&Prime; _module_preset=\u00a0\u00bbdefault\u00a0\u00bb locked=\u00a0\u00bboff\u00a0\u00bb global_colors_info=\u00a0\u00bb{}\u00a0\u00bb][\/et_pb_image][\/et_pb_column][\/et_pb_row][\/et_pb_section][et_pb_section fb_built=\u00a0\u00bb1&Prime; admin_label=\u00a0\u00bbPopup &#8211; #samsung\u00a0\u00bb module_id=\u00a0\u00bbsamsung\u00a0\u00bb module_class=\u00a0\u00bbpopup\u00a0\u00bb _builder_version=\u00a0\u00bb4.21.0&Prime; _module_preset=\u00a0\u00bbdefault\u00a0\u00bb background_image=\u00a0\u00bbhttps:\/\/www.wievent.it\/wp-content\/uploads\/2023\/05\/WiEvent-Presentazione-Commerciale-2023.jpg\u00a0\u00bb parallax=\u00a0\u00bbon\u00a0\u00bb parallax_method=\u00a0\u00bboff\u00a0\u00bb da_is_popup=\u00a0\u00bbon\u00a0\u00bb da_popup_slug=\u00a0\u00bbsamsung\u00a0\u00bb da_disable_devices=\u00a0\u00bboff|off|off\u00a0\u00bb global_colors_info=\u00a0\u00bb{}\u00a0\u00bb da_exit_intent=\u00a0\u00bboff\u00a0\u00bb da_has_close=\u00a0\u00bbon\u00a0\u00bb da_alt_close=\u00a0\u00bboff\u00a0\u00bb da_dark_close=\u00a0\u00bboff\u00a0\u00bb da_not_modal=\u00a0\u00bbon\u00a0\u00bb da_is_singular=\u00a0\u00bboff\u00a0\u00bb da_with_loader=\u00a0\u00bboff\u00a0\u00bb da_has_shadow=\u00a0\u00bbon\u00a0\u00bb][et_pb_row _builder_version=\u00a0\u00bb4.21.0&Prime; _module_preset=\u00a0\u00bbdefault\u00a0\u00bb global_colors_info=\u00a0\u00bb{}\u00a0\u00bb][et_pb_column type=\u00a0\u00bb4_4&Prime; _builder_version=\u00a0\u00bb4.21.0&Prime; _module_preset=\u00a0\u00bbdefault\u00a0\u00bb global_colors_info=\u00a0\u00bb{}\u00a0\u00bb][et_pb_text _builder_version=\u00a0\u00bb4.21.0&Prime; _module_preset=\u00a0\u00bbdefault\u00a0\u00bb text_text_color=\u00a0\u00bb#000000&Prime; text_font_size=\u00a0\u00bb21px\u00a0\u00bb text_line_height=\u00a0\u00bb1.6em\u00a0\u00bb header_3_text_color=\u00a0\u00bb#000000&Prime; header_3_line_height=\u00a0\u00bb1.6em\u00a0\u00bb global_colors_info=\u00a0\u00bb{}\u00a0\u00bb]<\/p>\n<p>Samsung nous a choisis pour la pr\u00e9sentation du tout nouveau Samsung S7 dans toute l&rsquo;Italie.<\/p>\n<p>[\/et_pb_text][\/et_pb_column][\/et_pb_row][et_pb_row column_structure=\u00a0\u00bb1_2,1_2&Prime; make_equal=\u00a0\u00bbon\u00a0\u00bb _builder_version=\u00a0\u00bb4.21.0&Prime; _module_preset=\u00a0\u00bbdefault\u00a0\u00bb custom_css_main_element=\u00a0\u00bbalign-items: center;\u00a0\u00bb global_colors_info=\u00a0\u00bb{}\u00a0\u00bb][et_pb_column type=\u00a0\u00bb1_2&Prime; _builder_version=\u00a0\u00bb4.21.0&Prime; _module_preset=\u00a0\u00bbdefault\u00a0\u00bb global_colors_info=\u00a0\u00bb{}\u00a0\u00bb][et_pb_image src=\u00a0\u00bbhttps:\/\/www.wievent.it\/wp-content\/uploads\/2023\/05\/2016-03-16-23.25.40.jpg\u00a0\u00bb title_text=\u00a0\u00bb2016-03-16 23.25.40&Prime; _builder_version=\u00a0\u00bb4.21.0&Prime; _module_preset=\u00a0\u00bbdefault\u00a0\u00bb box_shadow_style=\u00a0\u00bbpreset1&Prime; global_colors_info=\u00a0\u00bb{}\u00a0\u00bb][\/et_pb_image][\/et_pb_column][et_pb_column type=\u00a0\u00bb1_2&Prime; _builder_version=\u00a0\u00bb4.21.0&Prime; _module_preset=\u00a0\u00bbdefault\u00a0\u00bb global_colors_info=\u00a0\u00bb{}\u00a0\u00bb][et_pb_image src=\u00a0\u00bbhttps:\/\/www.wievent.it\/wp-content\/uploads\/2023\/05\/2.jpg\u00a0\u00bb title_text=\u00a0\u00bb2&Prime; _builder_version=\u00a0\u00bb4.21.0&Prime; _module_preset=\u00a0\u00bbdefault\u00a0\u00bb box_shadow_style=\u00a0\u00bbpreset1&Prime; global_colors_info=\u00a0\u00bb{}\u00a0\u00bb][\/et_pb_image][\/et_pb_column][\/et_pb_row][et_pb_row _builder_version=\u00a0\u00bb4.21.0&Prime; _module_preset=\u00a0\u00bbdefault\u00a0\u00bb global_colors_info=\u00a0\u00bb{}\u00a0\u00bb][et_pb_column type=\u00a0\u00bb4_4&Prime; _builder_version=\u00a0\u00bb4.21.0&Prime; _module_preset=\u00a0\u00bbdefault\u00a0\u00bb global_colors_info=\u00a0\u00bb{}\u00a0\u00bb][et_pb_text _builder_version=\u00a0\u00bb4.21.0&Prime; _module_preset=\u00a0\u00bbdefault\u00a0\u00bb text_text_color=\u00a0\u00bb#000000&Prime; text_font_size=\u00a0\u00bb21px\u00a0\u00bb text_line_height=\u00a0\u00bb1.6em\u00a0\u00bb header_3_text_color=\u00a0\u00bb#000000&Prime; header_3_line_height=\u00a0\u00bb1.6em\u00a0\u00bb global_colors_info=\u00a0\u00bb{}\u00a0\u00bb]<\/p>\n<p>Elle utilise notre syst\u00e8me pour animer et mesurer la notori\u00e9t\u00e9 de la marque lors d&rsquo;\u00e9v\u00e9nements d\u00e9di\u00e9s au personnel de vente des soci\u00e9t\u00e9s d&rsquo;\u00e9lectronique qui commercialisent ses produits.<\/p>\n<p>[\/et_pb_text][\/et_pb_column][\/et_pb_row][et_pb_row column_structure=\u00a0\u00bb1_2,1_2&Prime; make_equal=\u00a0\u00bbon\u00a0\u00bb _builder_version=\u00a0\u00bb4.21.0&Prime; _module_preset=\u00a0\u00bbdefault\u00a0\u00bb custom_css_main_element=\u00a0\u00bbalign-items: center;\u00a0\u00bb global_colors_info=\u00a0\u00bb{}\u00a0\u00bb][et_pb_column type=\u00a0\u00bb1_2&Prime; _builder_version=\u00a0\u00bb4.21.0&Prime; _module_preset=\u00a0\u00bbdefault\u00a0\u00bb global_colors_info=\u00a0\u00bb{}\u00a0\u00bb][et_pb_image src=\u00a0\u00bbhttps:\/\/www.wievent.it\/wp-content\/uploads\/2023\/05\/10.jpg\u00a0\u00bb title_text=\u00a0\u00bb10&Prime; _builder_version=\u00a0\u00bb4.21.0&Prime; _module_preset=\u00a0\u00bbdefault\u00a0\u00bb box_shadow_style=\u00a0\u00bbpreset1&Prime; global_colors_info=\u00a0\u00bb{}\u00a0\u00bb][\/et_pb_image][\/et_pb_column][et_pb_column type=\u00a0\u00bb1_2&Prime; _builder_version=\u00a0\u00bb4.21.0&Prime; _module_preset=\u00a0\u00bbdefault\u00a0\u00bb global_colors_info=\u00a0\u00bb{}\u00a0\u00bb][et_pb_image src=\u00a0\u00bbhttps:\/\/www.wievent.it\/wp-content\/uploads\/2023\/05\/11.jpg\u00a0\u00bb title_text=\u00a0\u00bb11&Prime; _builder_version=\u00a0\u00bb4.21.0&Prime; _module_preset=\u00a0\u00bbdefault\u00a0\u00bb box_shadow_style=\u00a0\u00bbpreset1&Prime; global_colors_info=\u00a0\u00bb{}\u00a0\u00bb][\/et_pb_image][\/et_pb_column][\/et_pb_row][et_pb_row _builder_version=\u00a0\u00bb4.21.0&Prime; _module_preset=\u00a0\u00bbdefault\u00a0\u00bb global_colors_info=\u00a0\u00bb{}\u00a0\u00bb][et_pb_column type=\u00a0\u00bb4_4&Prime; _builder_version=\u00a0\u00bb4.21.0&Prime; _module_preset=\u00a0\u00bbdefault\u00a0\u00bb global_colors_info=\u00a0\u00bb{}\u00a0\u00bb][et_pb_text _builder_version=\u00a0\u00bb4.21.0&Prime; _module_preset=\u00a0\u00bbdefault\u00a0\u00bb text_text_color=\u00a0\u00bb#000000&Prime; text_font_size=\u00a0\u00bb21px\u00a0\u00bb text_line_height=\u00a0\u00bb1.6em\u00a0\u00bb header_3_text_color=\u00a0\u00bb#000000&Prime; header_3_line_height=\u00a0\u00bb1.6em\u00a0\u00bb global_colors_info=\u00a0\u00bb{}\u00a0\u00bb]<\/p>\n<p>En outre, il organise un \u00e9v\u00e9nement au stade Juventus pour sa campagne #lovefootballmore, o\u00f9 il lance un d\u00e9fi avec une s\u00e9rie de questions sur la culture du football, auxquelles il faut r\u00e9pondre \u00e0 l&rsquo;aide de la Samsung Galaxy Tab S.<\/p>\n<p>Objectif de l&rsquo;entreprise ? Divertir le public en lui offrant une exp\u00e9rience de jeu interactive et passionnante gr\u00e2ce \u00e0 ses produits et au soutien de sa technologie. <\/p>\n<p>[\/et_pb_text][\/et_pb_column][\/et_pb_row][et_pb_row column_structure=\u00a0\u00bb1_2,1_2&Prime; make_equal=\u00a0\u00bbon\u00a0\u00bb _builder_version=\u00a0\u00bb4.21.0&Prime; _module_preset=\u00a0\u00bbdefault\u00a0\u00bb custom_css_main_element=\u00a0\u00bbalign-items: center;\u00a0\u00bb global_colors_info=\u00a0\u00bb{}\u00a0\u00bb][et_pb_column type=\u00a0\u00bb1_2&Prime; _builder_version=\u00a0\u00bb4.21.0&Prime; _module_preset=\u00a0\u00bbdefault\u00a0\u00bb global_colors_info=\u00a0\u00bb{}\u00a0\u00bb][et_pb_image src=\u00a0\u00bbhttps:\/\/www.wievent.it\/wp-content\/uploads\/2023\/05\/16.jpg\u00a0\u00bb title_text=\u00a0\u00bb16&Prime; _builder_version=\u00a0\u00bb4.21.0&Prime; _module_preset=\u00a0\u00bbdefault\u00a0\u00bb box_shadow_style=\u00a0\u00bbpreset1&Prime; global_colors_info=\u00a0\u00bb{}\u00a0\u00bb][\/et_pb_image][\/et_pb_column][et_pb_column type=\u00a0\u00bb1_2&Prime; _builder_version=\u00a0\u00bb4.21.0&Prime; _module_preset=\u00a0\u00bbdefault\u00a0\u00bb global_colors_info=\u00a0\u00bb{}\u00a0\u00bb][\/et_pb_column][\/et_pb_row][\/et_pb_section][et_pb_section fb_built=\u00a0\u00bb1&Prime; admin_label=\u00a0\u00bbPopup &#8211; #algida\u00a0\u00bb module_id=\u00a0\u00bbalgida\u00a0\u00bb module_class=\u00a0\u00bbpopup\u00a0\u00bb _builder_version=\u00a0\u00bb4.21.0&Prime; _module_preset=\u00a0\u00bbdefault\u00a0\u00bb background_image=\u00a0\u00bbhttps:\/\/www.wievent.it\/wp-content\/uploads\/2023\/05\/WiEvent-Presentazione-Commerciale-2023.jpg\u00a0\u00bb parallax=\u00a0\u00bbon\u00a0\u00bb parallax_method=\u00a0\u00bboff\u00a0\u00bb da_is_popup=\u00a0\u00bbon\u00a0\u00bb da_popup_slug=\u00a0\u00bbalgida\u00a0\u00bb da_disable_devices=\u00a0\u00bboff|off|off\u00a0\u00bb global_colors_info=\u00a0\u00bb{}\u00a0\u00bb da_exit_intent=\u00a0\u00bboff\u00a0\u00bb da_has_close=\u00a0\u00bbon\u00a0\u00bb da_alt_close=\u00a0\u00bboff\u00a0\u00bb da_dark_close=\u00a0\u00bboff\u00a0\u00bb da_not_modal=\u00a0\u00bbon\u00a0\u00bb da_is_singular=\u00a0\u00bboff\u00a0\u00bb da_with_loader=\u00a0\u00bboff\u00a0\u00bb da_has_shadow=\u00a0\u00bbon\u00a0\u00bb][et_pb_row _builder_version=\u00a0\u00bb4.21.0&Prime; _module_preset=\u00a0\u00bbdefault\u00a0\u00bb global_colors_info=\u00a0\u00bb{}\u00a0\u00bb][et_pb_column type=\u00a0\u00bb4_4&Prime; _builder_version=\u00a0\u00bb4.21.0&Prime; _module_preset=\u00a0\u00bbdefault\u00a0\u00bb global_colors_info=\u00a0\u00bb{}\u00a0\u00bb][et_pb_text _builder_version=\u00a0\u00bb4.21.0&Prime; _module_preset=\u00a0\u00bbdefault\u00a0\u00bb text_text_color=\u00a0\u00bb#000000&Prime; text_font_size=\u00a0\u00bb21px\u00a0\u00bb text_line_height=\u00a0\u00bb1.6em\u00a0\u00bb header_3_text_color=\u00a0\u00bb#000000&Prime; header_3_line_height=\u00a0\u00bb1.6em\u00a0\u00bb global_colors_info=\u00a0\u00bb{}\u00a0\u00bb]<\/p>\n<p>Algida choisit notre syst\u00e8me lors de la r\u00e9union annuelle de ses agents commerciaux<\/p>\n<p>[\/et_pb_text][\/et_pb_column][\/et_pb_row][et_pb_row column_structure=\u00a0\u00bb1_2,1_2&Prime; make_equal=\u00a0\u00bbon\u00a0\u00bb _builder_version=\u00a0\u00bb4.21.0&Prime; _module_preset=\u00a0\u00bbdefault\u00a0\u00bb custom_css_main_element=\u00a0\u00bbalign-items: center;\u00a0\u00bb global_colors_info=\u00a0\u00bb{}\u00a0\u00bb][et_pb_column type=\u00a0\u00bb1_2&Prime; _builder_version=\u00a0\u00bb4.21.0&Prime; _module_preset=\u00a0\u00bbdefault\u00a0\u00bb global_colors_info=\u00a0\u00bb{}\u00a0\u00bb][et_pb_image src=\u00a0\u00bbhttps:\/\/www.wievent.it\/wp-content\/uploads\/2023\/05\/IMG-20160312-WA0047.jpg\u00a0\u00bb title_text=\u00a0\u00bbIMG-20160312-WA0047&Prime; _builder_version=\u00a0\u00bb4.21.0&Prime; _module_preset=\u00a0\u00bbdefault\u00a0\u00bb box_shadow_style=\u00a0\u00bbpreset1&Prime; global_colors_info=\u00a0\u00bb{}\u00a0\u00bb][\/et_pb_image][\/et_pb_column][et_pb_column type=\u00a0\u00bb1_2&Prime; _builder_version=\u00a0\u00bb4.21.0&Prime; _module_preset=\u00a0\u00bbdefault\u00a0\u00bb global_colors_info=\u00a0\u00bb{}\u00a0\u00bb][et_pb_image src=\u00a0\u00bbhttps:\/\/www.wievent.it\/wp-content\/uploads\/2023\/05\/2016-03-12-11.37.43.jpg\u00a0\u00bb title_text=\u00a0\u00bb2016-03-12 11.37.43&Prime; _builder_version=\u00a0\u00bb4.21.0&Prime; _module_preset=\u00a0\u00bbdefault\u00a0\u00bb box_shadow_style=\u00a0\u00bbpreset1&Prime; global_colors_info=\u00a0\u00bb{}\u00a0\u00bb][\/et_pb_image][\/et_pb_column][\/et_pb_row][\/et_pb_section][et_pb_section fb_built=\u00a0\u00bb1&Prime; admin_label=\u00a0\u00bbPopup &#8211; #avis\u00a0\u00bb module_id=\u00a0\u00bbavis\u00a0\u00bb module_class=\u00a0\u00bbpopup\u00a0\u00bb _builder_version=\u00a0\u00bb4.21.0&Prime; _module_preset=\u00a0\u00bbdefault\u00a0\u00bb background_image=\u00a0\u00bbhttps:\/\/www.wievent.it\/wp-content\/uploads\/2023\/05\/WiEvent-Presentazione-Commerciale-2023.jpg\u00a0\u00bb parallax=\u00a0\u00bbon\u00a0\u00bb parallax_method=\u00a0\u00bboff\u00a0\u00bb da_is_popup=\u00a0\u00bbon\u00a0\u00bb da_popup_slug=\u00a0\u00bbavis\u00a0\u00bb da_disable_devices=\u00a0\u00bboff|off|off\u00a0\u00bb global_colors_info=\u00a0\u00bb{}\u00a0\u00bb da_exit_intent=\u00a0\u00bboff\u00a0\u00bb da_has_close=\u00a0\u00bbon\u00a0\u00bb da_alt_close=\u00a0\u00bboff\u00a0\u00bb da_dark_close=\u00a0\u00bboff\u00a0\u00bb da_not_modal=\u00a0\u00bbon\u00a0\u00bb da_is_singular=\u00a0\u00bboff\u00a0\u00bb da_with_loader=\u00a0\u00bboff\u00a0\u00bb da_has_shadow=\u00a0\u00bbon\u00a0\u00bb][et_pb_row _builder_version=\u00a0\u00bb4.21.0&Prime; _module_preset=\u00a0\u00bbdefault\u00a0\u00bb global_colors_info=\u00a0\u00bb{}\u00a0\u00bb][et_pb_column type=\u00a0\u00bb4_4&Prime; _builder_version=\u00a0\u00bb4.21.0&Prime; _module_preset=\u00a0\u00bbdefault\u00a0\u00bb global_colors_info=\u00a0\u00bb{}\u00a0\u00bb][et_pb_text _builder_version=\u00a0\u00bb4.21.0&Prime; _module_preset=\u00a0\u00bbdefault\u00a0\u00bb text_text_color=\u00a0\u00bb#000000&Prime; text_font_size=\u00a0\u00bb21px\u00a0\u00bb text_line_height=\u00a0\u00bb1.6em\u00a0\u00bb header_3_text_color=\u00a0\u00bb#000000&Prime; header_3_line_height=\u00a0\u00bb1.6em\u00a0\u00bb global_colors_info=\u00a0\u00bb{}\u00a0\u00bb]<\/p>\n<p style=\"text-align: center;\"><strong>Avis Autonoleggio Italia<\/strong> a choisi notre technologie lors de son \u00e9v\u00e9nement \u00e0 l&rsquo;Expo Milano pour proposer un test et une enqu\u00eate \u00e0 ses clients.<\/p>\n<p style=\"text-align: center;\">La pr\u00e9sentation de l&rsquo;\u00e9v\u00e9nement a \u00e9t\u00e9 faite par notre t\u00e9moin Fabrizio Fontana.<\/p>\n<p>[\/et_pb_text][\/et_pb_column][\/et_pb_row][et_pb_row column_structure=\u00a0\u00bb1_3,1_3,1_3&Prime; make_equal=\u00a0\u00bbon\u00a0\u00bb _builder_version=\u00a0\u00bb4.21.0&Prime; _module_preset=\u00a0\u00bbdefault\u00a0\u00bb width=\u00a0\u00bb95%\u00a0\u00bb max_width=\u00a0\u00bb95%\u00a0\u00bb custom_css_main_element=\u00a0\u00bbalign-items: center;\u00a0\u00bb global_colors_info=\u00a0\u00bb{}\u00a0\u00bb][et_pb_column type=\u00a0\u00bb1_3&Prime; _builder_version=\u00a0\u00bb4.21.0&Prime; _module_preset=\u00a0\u00bbdefault\u00a0\u00bb global_colors_info=\u00a0\u00bb{}\u00a0\u00bb][et_pb_image src=\u00a0\u00bbhttps:\/\/www.wievent.it\/wp-content\/uploads\/2023\/05\/5.jpg\u00a0\u00bb title_text=\u00a0\u00bb5&Prime; _builder_version=\u00a0\u00bb4.21.0&Prime; _module_preset=\u00a0\u00bbdefault\u00a0\u00bb box_shadow_style=\u00a0\u00bbpreset1&Prime; global_colors_info=\u00a0\u00bb{}\u00a0\u00bb][\/et_pb_image][\/et_pb_column][et_pb_column type=\u00a0\u00bb1_3&Prime; _builder_version=\u00a0\u00bb4.21.0&Prime; _module_preset=\u00a0\u00bbdefault\u00a0\u00bb global_colors_info=\u00a0\u00bb{}\u00a0\u00bb][et_pb_image src=\u00a0\u00bbhttps:\/\/www.wievent.it\/wp-content\/uploads\/2023\/05\/6.jpg\u00a0\u00bb title_text=\u00a0\u00bb6&Prime; _builder_version=\u00a0\u00bb4.21.0&Prime; _module_preset=\u00a0\u00bbdefault\u00a0\u00bb box_shadow_style=\u00a0\u00bbpreset1&Prime; global_colors_info=\u00a0\u00bb{}\u00a0\u00bb][\/et_pb_image][\/et_pb_column][et_pb_column type=\u00a0\u00bb1_3&Prime; _builder_version=\u00a0\u00bb4.21.0&Prime; _module_preset=\u00a0\u00bbdefault\u00a0\u00bb global_colors_info=\u00a0\u00bb{}\u00a0\u00bb][et_pb_image src=\u00a0\u00bbhttps:\/\/www.wievent.it\/wp-content\/uploads\/2023\/05\/7.jpg\u00a0\u00bb title_text=\u00a0\u00bb7&Prime; _builder_version=\u00a0\u00bb4.21.0&Prime; _module_preset=\u00a0\u00bbdefault\u00a0\u00bb box_shadow_style=\u00a0\u00bbpreset1&Prime; global_colors_info=\u00a0\u00bb{}\u00a0\u00bb][\/et_pb_image][\/et_pb_column][\/et_pb_row][\/et_pb_section][et_pb_section fb_built=\u00a0\u00bb1&Prime; _builder_version=\u00a0\u00bb4.21.0&Prime; _module_preset=\u00a0\u00bbdefault\u00a0\u00bb use_background_color_gradient=\u00a0\u00bbon\u00a0\u00bb background_color_gradient_stops=\u00a0\u00bb#e57875 0%|#e5322d 100%\u00a0\u00bb background_color_gradient_overlays_image=\u00a0\u00bbon\u00a0\u00bb background_enable_image=\u00a0\u00bboff\u00a0\u00bb background_enable_pattern_style=\u00a0\u00bbon\u00a0\u00bb background_pattern_style=\u00a0\u00bbhoneycomb\u00a0\u00bb background_pattern_color=\u00a0\u00bbrgba(0,0,0,0.03)\u00a0\u00bb background_pattern_transform=\u00a0\u00bbinvert\u00a0\u00bb background_pattern_size=\u00a0\u00bbcover\u00a0\u00bb da_disable_devices=\u00a0\u00bboff|off|off\u00a0\u00bb global_module=\u00a0\u00bb2309&Prime; saved_tabs=\u00a0\u00bball\u00a0\u00bb global_colors_info=\u00a0\u00bb{}\u00a0\u00bb da_is_popup=\u00a0\u00bboff\u00a0\u00bb da_exit_intent=\u00a0\u00bboff\u00a0\u00bb da_has_close=\u00a0\u00bbon\u00a0\u00bb da_alt_close=\u00a0\u00bboff\u00a0\u00bb da_dark_close=\u00a0\u00bboff\u00a0\u00bb da_not_modal=\u00a0\u00bbon\u00a0\u00bb da_is_singular=\u00a0\u00bboff\u00a0\u00bb da_with_loader=\u00a0\u00bboff\u00a0\u00bb da_has_shadow=\u00a0\u00bbon\u00a0\u00bb][et_pb_row _builder_version=\u00a0\u00bb4.21.0&Prime; _module_preset=\u00a0\u00bbdefault\u00a0\u00bb global_colors_info=\u00a0\u00bb{}\u00a0\u00bb][et_pb_column type=\u00a0\u00bb4_4&Prime; _builder_version=\u00a0\u00bb4.21.0&Prime; _module_preset=\u00a0\u00bbdefault\u00a0\u00bb global_colors_info=\u00a0\u00bb{}\u00a0\u00bb][et_pb_text _builder_version=\u00a0\u00bb4.21.0&Prime; _module_preset=\u00a0\u00bbdefault\u00a0\u00bb text_text_color=\u00a0\u00bb#FFFFFF\u00a0\u00bb text_font_size=\u00a0\u00bb20px\u00a0\u00bb text_line_height=\u00a0\u00bb1.6em\u00a0\u00bb header_3_font=\u00a0\u00bb|||on|||||\u00a0\u00bb header_3_text_color=\u00a0\u00bb#FFFFFF\u00a0\u00bb header_3_font_size=\u00a0\u00bb35px\u00a0\u00bb header_3_font_size_tablet=\u00a0\u00bb\u00a0\u00bb header_3_font_size_phone=\u00a0\u00bb32px\u00a0\u00bb header_3_font_size_last_edited=\u00a0\u00bbon|phone\u00a0\u00bb text_text_shadow_style=\u00a0\u00bbpreset1&Prime; header_3_text_shadow_style=\u00a0\u00bbpreset1&Prime; global_colors_info=\u00a0\u00bb{}\u00a0\u00bb]<\/p>\n<h3 style=\"text-align: center;\"><strong>DEMANDEZ UN DEVIS PERSONNALIS\u00c9<\/strong><\/h3>\n<p style=\"text-align: center;\"><strong><span>Vous avez besoin de solutions uniques pour votre prochain \u00e9v\u00e9nement ?<\/span><\/strong><\/p>\n<p style=\"text-align: center;\"><strong><span>Contactez-nous pour obtenir un devis personnalis\u00e9 et d\u00e9couvrir comment nos produits peuvent rendre votre \u00e9v\u00e9nement attrayant et m\u00e9morable.<\/span><\/strong><\/p>\n<p style=\"text-align: center;\"><strong><span>Nous sommes pr\u00eats \u00e0 vous aider \u00e0 cr\u00e9er une exp\u00e9rience inoubliable pour vos participants.<\/span><\/strong><\/p>\n<p>[\/et_pb_text][et_pb_button button_url=\u00a0\u00bbhttps:\/\/www.wievent.it\/richiesta-preventivo\/\u00a0\u00bb button_text=\u00a0\u00bbCliquez ici pour demander un devis\u00a0\u00bb button_alignment=\u00a0\u00bbcenter\u00a0\u00bb _builder_version=\u00a0\u00bb4.21.0&Prime; _module_preset=\u00a0\u00bbdefault\u00a0\u00bb custom_button=\u00a0\u00bbon\u00a0\u00bb button_text_size=\u00a0\u00bb25px\u00a0\u00bb button_bg_color=\u00a0\u00bb#FFFFFF\u00a0\u00bb button_font=\u00a0\u00bb|||on|||||\u00a0\u00bb global_colors_info=\u00a0\u00bb{}\u00a0\u00bb][\/et_pb_button][\/et_pb_column][\/et_pb_row][\/et_pb_section]<\/p>\n","protected":false},"excerpt":{"rendered":"<p>\u00c9tudes de cas Comment nos formats interactifs ont aid\u00e9 plusieurs entreprises \u00e0 cr\u00e9er des \u00e9v\u00e9nements m\u00e9morables, engageants et percutants.Vous trouverez ci-dessous une s\u00e9lection des projets les plus importants et des exp\u00e9riences r\u00e9ussies que nous avons r\u00e9alis\u00e9s pour nos clients.Samsung utilise notre syst\u00e8me depuis plusieurs ann\u00e9es pour mesurer le niveau de pr\u00e9paration de ses vendeurs, pour [&hellip;]<\/p>\n","protected":false},"author":2,"featured_media":0,"parent":0,"menu_order":0,"comment_status":"closed","ping_status":"closed","template":"","meta":{"_et_pb_use_builder":"on","_et_pb_old_content":"","_et_gb_content_width":""},"yoast_head":"<!-- This site is optimized with the Yoast SEO plugin v20.8 - https:\/\/yoast.com\/wordpress\/plugins\/seo\/ -->\n<title>\u00c9tude de cas - Wievent<\/title>\n<meta name=\"description\" content=\"Comment nos formats interactifs ont aid\u00e9 plusieurs entreprises \u00e0 cr\u00e9er des \u00e9v\u00e9nements m\u00e9morables, engageants et percutants.\" \/>\n<meta name=\"robots\" content=\"index, follow, max-snippet:-1, max-image-preview:large, max-video-preview:-1\" \/>\n<link rel=\"canonical\" href=\"https:\/\/www.wievent.it\/fr\/histoire-de-cas\/\" \/>\n<meta property=\"og:locale\" content=\"fr_FR\" \/>\n<meta property=\"og:type\" content=\"article\" \/>\n<meta property=\"og:title\" content=\"\u00c9tude de cas - Wievent\" \/>\n<meta property=\"og:description\" content=\"Comment nos formats interactifs ont aid\u00e9 plusieurs entreprises \u00e0 cr\u00e9er des \u00e9v\u00e9nements m\u00e9morables, engageants et percutants.\" \/>\n<meta property=\"og:url\" content=\"https:\/\/www.wievent.it\/fr\/histoire-de-cas\/\" \/>\n<meta property=\"og:site_name\" content=\"Wievent - Format per Eventi Aziendali\" \/>\n<meta property=\"article:publisher\" content=\"https:\/\/www.facebook.com\/wicontest\" \/>\n<meta property=\"article:modified_time\" content=\"2025-03-19T15:16:55+00:00\" \/>\n<meta name=\"twitter:card\" content=\"summary_large_image\" \/>\n<meta name=\"twitter:label1\" content=\"Dur\u00e9e de lecture estim\u00e9e\" \/>\n\t<meta name=\"twitter:data1\" content=\"23 minutes\" \/>\n<script type=\"application\/ld+json\" class=\"yoast-schema-graph\">{\"@context\":\"https:\/\/schema.org\",\"@graph\":[{\"@type\":\"WebPage\",\"@id\":\"https:\/\/www.wievent.it\/fr\/histoire-de-cas\/\",\"url\":\"https:\/\/www.wievent.it\/fr\/histoire-de-cas\/\",\"name\":\"\u00c9tude de cas - Wievent\",\"isPartOf\":{\"@id\":\"https:\/\/www.wievent.it\/fr\/#website\"},\"datePublished\":\"2023-05-17T11:07:11+00:00\",\"dateModified\":\"2025-03-19T15:16:55+00:00\",\"description\":\"Comment nos formats interactifs ont aid\u00e9 plusieurs entreprises \u00e0 cr\u00e9er des \u00e9v\u00e9nements m\u00e9morables, engageants et percutants.\",\"breadcrumb\":{\"@id\":\"https:\/\/www.wievent.it\/fr\/histoire-de-cas\/#breadcrumb\"},\"inLanguage\":\"fr-FR\",\"potentialAction\":[{\"@type\":\"ReadAction\",\"target\":[\"https:\/\/www.wievent.it\/fr\/histoire-de-cas\/\"]}]},{\"@type\":\"BreadcrumbList\",\"@id\":\"https:\/\/www.wievent.it\/fr\/histoire-de-cas\/#breadcrumb\",\"itemListElement\":[{\"@type\":\"ListItem\",\"position\":1,\"name\":\"Home\",\"item\":\"https:\/\/www.wievent.it\/fr\/page-daccueil-de-wievent\/\"},{\"@type\":\"ListItem\",\"position\":2,\"name\":\"Histoire de cas\"}]},{\"@type\":\"WebSite\",\"@id\":\"https:\/\/www.wievent.it\/fr\/#website\",\"url\":\"https:\/\/www.wievent.it\/fr\/\",\"name\":\"Wievent - Format per Eventi Aziendali\",\"description\":\"\",\"publisher\":{\"@id\":\"https:\/\/www.wievent.it\/fr\/#organization\"},\"potentialAction\":[{\"@type\":\"SearchAction\",\"target\":{\"@type\":\"EntryPoint\",\"urlTemplate\":\"https:\/\/www.wievent.it\/fr\/?s={search_term_string}\"},\"query-input\":\"required name=search_term_string\"}],\"inLanguage\":\"fr-FR\"},{\"@type\":\"Organization\",\"@id\":\"https:\/\/www.wievent.it\/fr\/#organization\",\"name\":\"Wicontest\",\"url\":\"https:\/\/www.wievent.it\/fr\/\",\"logo\":{\"@type\":\"ImageObject\",\"inLanguage\":\"fr-FR\",\"@id\":\"https:\/\/www.wievent.it\/fr\/#\/schema\/logo\/image\/\",\"url\":\"https:\/\/business.wicontest.com\/wp-content\/uploads\/2020\/03\/logowicontestbusiness.png\",\"contentUrl\":\"https:\/\/business.wicontest.com\/wp-content\/uploads\/2020\/03\/logowicontestbusiness.png\",\"width\":400,\"height\":123,\"caption\":\"Wicontest\"},\"image\":{\"@id\":\"https:\/\/www.wievent.it\/fr\/#\/schema\/logo\/image\/\"},\"sameAs\":[\"https:\/\/www.facebook.com\/wicontest\",\"https:\/\/www.linkedin.com\/company\/wicontest\/\"]}]}<\/script>\n<!-- \/ Yoast SEO plugin. -->","yoast_head_json":{"title":"\u00c9tude de cas - Wievent","description":"Comment nos formats interactifs ont aid\u00e9 plusieurs entreprises \u00e0 cr\u00e9er des \u00e9v\u00e9nements m\u00e9morables, engageants et percutants.","robots":{"index":"index","follow":"follow","max-snippet":"max-snippet:-1","max-image-preview":"max-image-preview:large","max-video-preview":"max-video-preview:-1"},"canonical":"https:\/\/www.wievent.it\/fr\/histoire-de-cas\/","og_locale":"fr_FR","og_type":"article","og_title":"\u00c9tude de cas - Wievent","og_description":"Comment nos formats interactifs ont aid\u00e9 plusieurs entreprises \u00e0 cr\u00e9er des \u00e9v\u00e9nements m\u00e9morables, engageants et percutants.","og_url":"https:\/\/www.wievent.it\/fr\/histoire-de-cas\/","og_site_name":"Wievent - Format per Eventi Aziendali","article_publisher":"https:\/\/www.facebook.com\/wicontest","article_modified_time":"2025-03-19T15:16:55+00:00","twitter_card":"summary_large_image","twitter_misc":{"Dur\u00e9e de lecture estim\u00e9e":"23 minutes"},"schema":{"@context":"https:\/\/schema.org","@graph":[{"@type":"WebPage","@id":"https:\/\/www.wievent.it\/fr\/histoire-de-cas\/","url":"https:\/\/www.wievent.it\/fr\/histoire-de-cas\/","name":"\u00c9tude de cas - Wievent","isPartOf":{"@id":"https:\/\/www.wievent.it\/fr\/#website"},"datePublished":"2023-05-17T11:07:11+00:00","dateModified":"2025-03-19T15:16:55+00:00","description":"Comment nos formats interactifs ont aid\u00e9 plusieurs entreprises \u00e0 cr\u00e9er des \u00e9v\u00e9nements m\u00e9morables, engageants et percutants.","breadcrumb":{"@id":"https:\/\/www.wievent.it\/fr\/histoire-de-cas\/#breadcrumb"},"inLanguage":"fr-FR","potentialAction":[{"@type":"ReadAction","target":["https:\/\/www.wievent.it\/fr\/histoire-de-cas\/"]}]},{"@type":"BreadcrumbList","@id":"https:\/\/www.wievent.it\/fr\/histoire-de-cas\/#breadcrumb","itemListElement":[{"@type":"ListItem","position":1,"name":"Home","item":"https:\/\/www.wievent.it\/fr\/page-daccueil-de-wievent\/"},{"@type":"ListItem","position":2,"name":"Histoire de cas"}]},{"@type":"WebSite","@id":"https:\/\/www.wievent.it\/fr\/#website","url":"https:\/\/www.wievent.it\/fr\/","name":"Wievent - Format per Eventi Aziendali","description":"","publisher":{"@id":"https:\/\/www.wievent.it\/fr\/#organization"},"potentialAction":[{"@type":"SearchAction","target":{"@type":"EntryPoint","urlTemplate":"https:\/\/www.wievent.it\/fr\/?s={search_term_string}"},"query-input":"required name=search_term_string"}],"inLanguage":"fr-FR"},{"@type":"Organization","@id":"https:\/\/www.wievent.it\/fr\/#organization","name":"Wicontest","url":"https:\/\/www.wievent.it\/fr\/","logo":{"@type":"ImageObject","inLanguage":"fr-FR","@id":"https:\/\/www.wievent.it\/fr\/#\/schema\/logo\/image\/","url":"https:\/\/business.wicontest.com\/wp-content\/uploads\/2020\/03\/logowicontestbusiness.png","contentUrl":"https:\/\/business.wicontest.com\/wp-content\/uploads\/2020\/03\/logowicontestbusiness.png","width":400,"height":123,"caption":"Wicontest"},"image":{"@id":"https:\/\/www.wievent.it\/fr\/#\/schema\/logo\/image\/"},"sameAs":["https:\/\/www.facebook.com\/wicontest","https:\/\/www.linkedin.com\/company\/wicontest\/"]}]}},"_links":{"self":[{"href":"https:\/\/www.wievent.it\/fr\/wp-json\/wp\/v2\/pages\/23419362"}],"collection":[{"href":"https:\/\/www.wievent.it\/fr\/wp-json\/wp\/v2\/pages"}],"about":[{"href":"https:\/\/www.wievent.it\/fr\/wp-json\/wp\/v2\/types\/page"}],"author":[{"embeddable":true,"href":"https:\/\/www.wievent.it\/fr\/wp-json\/wp\/v2\/users\/2"}],"replies":[{"embeddable":true,"href":"https:\/\/www.wievent.it\/fr\/wp-json\/wp\/v2\/comments?post=23419362"}],"version-history":[{"count":1,"href":"https:\/\/www.wievent.it\/fr\/wp-json\/wp\/v2\/pages\/23419362\/revisions"}],"predecessor-version":[{"id":23419367,"href":"https:\/\/www.wievent.it\/fr\/wp-json\/wp\/v2\/pages\/23419362\/revisions\/23419367"}],"wp:attachment":[{"href":"https:\/\/www.wievent.it\/fr\/wp-json\/wp\/v2\/media?parent=23419362"}],"curies":[{"name":"wp","href":"https:\/\/api.w.org\/{rel}","templated":true}]}}